{"id":207,"date":"2012-07-08T18:50:04","date_gmt":"2012-07-08T16:50:04","guid":{"rendered":"http:\/\/www.trimmsalon-chalkidis.de\/wp-content\/uploads\/2012\/07\/Fl\u00f6ckchen-050104.jpg"},"modified":"2012-07-08T18:50:04","modified_gmt":"2012-07-08T16:50:04","slug":"flockchen-050104","status":"inherit","type":"attachment","link":"https:\/\/www.trimmsalon-chalkidis.de\/?attachment_id=207","title":{"rendered":"Perserkatze Fl\u00f6ckchen"},"author":2,"featured_media":0,"comment_status":"closed","ping_status":"closed","template":"","meta":[],"class_list":["post-207","attachment","type-attachment","status-inherit","hentry"],"description":{"rendered":"<p class=\"attachment\"><a href='https:\/\/www.trimmsalon-chalkidis.de\/wp-content\/uploads\/2012\/07\/Fl\u00f6ckchen-050104.jpg'><img loading=\"lazy\" decoding=\"async\" width=\"300\" height=\"225\" src=\"https:\/\/www.trimmsalon-chalkidis.de\/wp-content\/uploads\/2012\/07\/Fl\u00f6ckchen-050104-300x225.jpg\" class=\"attachment-medium size-medium\" alt=\"\" srcset=\"https:\/\/www.trimmsalon-chalkidis.de\/wp-content\/uploads\/2012\/07\/Fl\u00f6ckchen-050104-300x225.jpg 300w, https:\/\/www.trimmsalon-chalkidis.de\/wp-content\/uploads\/2012\/07\/Fl\u00f6ckchen-050104-1024x768.jpg 1024w, https:\/\/www.trimmsalon-chalkidis.de\/wp-content\/uploads\/2012\/07\/Fl\u00f6ckchen-050104-400x300.jpg 400w, https:\/\/www.trimmsalon-chalkidis.de\/wp-content\/uploads\/2012\/07\/Fl\u00f6ckchen-050104.jpg 2048w\" sizes=\"auto, (max-width: 300px) 100vw, 300px\" \/><\/a><\/p>\n<p>Dateiname                   \t:DSCN1350.JPG<br \/>\nDateigr\u00f6\u00dfe                  \t:645.7 KB (661240 Byte)<br \/>\nAufnahmedatum               \t:0000\/00\/00 00:00:00<br \/>\nBildgr\u00f6\u00dfe                   \t:2048 x 1536<br \/>\nAufl\u00f6sung                   \t:300 x 300 dpi<br \/>\nBitanzahl                   \t:8 Bit\/Kanal<br \/>\nSch\u00fctzen                    \t:Aus<br \/>\nAusblenden                  \t:Aus<br \/>\nKamera-ID                   \t:N\/A<br \/>\nKamera                      \t:E885<br \/>\nQualit\u00e4tsmodus              \t:NORMAL<br \/>\nMessmethode                 \t:Mehrfeld<br \/>\nBelichtungsbetriebsart      \t:Programmautomatik<br \/>\nSpeedlight                  \t:Ja<br \/>\nBrennweite                  \t:8 mm<br \/>\nVerschlusszeit              \t:1\/30Sekunde<br \/>\nBlende                      \t:F7.6<br \/>\nBelichtungskorrektur        \t:0 EV<br \/>\nFester Wei\u00dfabgleich         \t:Automatik<br \/>\nObjektiv                    \t:Integriert<br \/>\nBlitz-Synchronisierungsmodus\t:Rote-Augen-Reduzierung<br \/>\nBelichtungsdifferenz        \t:N\/A<br \/>\nFlexibles Programm          \t:N\/A<br \/>\nEmpfindlichkeit             \t:Auto<br \/>\nSch\u00e4rfung                   \t:Automatik<br \/>\nFarbmodus                   \t:FARBE<br \/>\nFarbeinstellungen           \t:N\/A<br \/>\nFarbs\u00e4tigung                \t:N\/A<br \/>\nFarbs\u00e4ttigung               \t:Normal<br \/>\nTonwertkorrektur            \t:Automatik<br \/>\nBreite (GPS)                \t:N\/A<br \/>\nL\u00e4nge (GPS)                 \t:N\/A<br \/>\nH\u00f6he (GPS)                  \t:N\/A<\/p>\n"},"caption":{"rendered":"<p>Dateiname :DSCN1350.JPG Dateigr\u00f6\u00dfe :645.7 KB (661240 Byte) Aufnahmedatum :0000\/00\/00 00:00:00 Bildgr\u00f6\u00dfe :2048 x 1536 Aufl\u00f6sung :300 x 300 dpi Bitanzahl :8 Bit\/Kanal Sch\u00fctzen :Aus Ausblenden :Aus Kamera-ID :N\/A Kamera :E885 Qualit\u00e4tsmodus :NORMAL Messmethode :Mehrfeld Belichtungsbetriebsart :Programmautomatik Speedlight :Ja Brennweite :8 &hellip; <a href=\"https:\/\/www.trimmsalon-chalkidis.de\/?attachment_id=207\">Weiterlesen <span class=\"meta-nav\">&rarr;<\/span><\/a><\/p>\n"},"alt_text":"","media_type":"image","mime_type":"image\/jpeg","media_details":{"width":"2048","height":"1536","hwstring_small":"height='96' width='128'","file":"2012\/07\/Fl\u00f6ckchen-050104.jpg","sizes":{"thumbnail":{"file":"Fl\u00f6ckchen-050104-200x200.jpg","width":"200","height":"200","source_url":"https:\/\/www.trimmsalon-chalkidis.de\/wp-content\/uploads\/2012\/07\/Fl\u00f6ckchen-050104-200x200.jpg"},"medium":{"file":"Fl\u00f6ckchen-050104-300x225.jpg","width":"300","height":"225","source_url":"https:\/\/www.trimmsalon-chalkidis.de\/wp-content\/uploads\/2012\/07\/Fl\u00f6ckchen-050104-300x225.jpg"},"large":{"file":"Fl\u00f6ckchen-050104-1024x768.jpg","width":"1024","height":"768","source_url":"https:\/\/www.trimmsalon-chalkidis.de\/wp-content\/uploads\/2012\/07\/Fl\u00f6ckchen-050104-1024x768.jpg"},"post-thumbnail":{"file":"Fl\u00f6ckchen-050104-1000x288.jpg","width":"1000","height":"288","source_url":"https:\/\/www.trimmsalon-chalkidis.de\/wp-content\/uploads\/2012\/07\/Fl\u00f6ckchen-050104-1000x288.jpg"},"large-feature":{"file":"Fl\u00f6ckchen-050104-1000x288.jpg","width":"1000","height":"288","source_url":"https:\/\/www.trimmsalon-chalkidis.de\/wp-content\/uploads\/2012\/07\/Fl\u00f6ckchen-050104-1000x288.jpg"},"small-feature":{"file":"Fl\u00f6ckchen-050104-400x300.jpg","width":"400","height":"300","source_url":"https:\/\/www.trimmsalon-chalkidis.de\/wp-content\/uploads\/2012\/07\/Fl\u00f6ckchen-050104-400x300.jpg"},"full":{"file":"Fl\u00f6ckchen-050104.jpg","width":2048,"height":1536,"mime_type":"image\/jpeg","source_url":"https:\/\/www.trimmsalon-chalkidis.de\/wp-content\/uploads\/2012\/07\/Fl\u00f6ckchen-050104.jpg"}},"image_meta":{"aperture":"7.6","credit":"","camera":"E885","caption":"Dateiname                   \t:DSCN1350.JPG\r\nDateigr\u00f6\u00dfe                  \t:645.7 KB (661240 Byte)\r\nAufnahmedatum               \t:0000\/00\/00 00:00:00\r\nBildgr\u00f6\u00dfe                   \t:2048 x 1536\r\nAufl\u00f6sung                   \t:300 x 300 dpi\r\nBitanzahl                   \t:8 Bit\/Kanal\r\nSch\u00fctzen                    \t:Aus\r\nAusblenden                  \t:Aus\r\nKamera-ID                   \t:N\/A\r\nKamera                      \t:E885\r\nQualit\u00e4tsmodus              \t:NORMAL\r\nMessmethode                 \t:Mehrfeld\r\nBelichtungsbetriebsart      \t:Programmautomatik\r\nSpeedlight                  \t:Ja\r\nBrennweite                  \t:8 mm\r\nVerschlusszeit              \t:1\/30Sekunde\r\nBlende                      \t:F7.6\r\nBelichtungskorrektur        \t:0 EV\r\nFester Wei\u00dfabgleich         \t:Automatik\r\nObjektiv                    \t:Integriert\r\nBlitz-Synchronisierungsmodus\t:Rote-Augen-Reduzierung\r\nBelichtungsdifferenz        \t:N\/A\r\nFlexibles Programm          \t:N\/A\r\nEmpfindlichkeit             \t:Auto\r\nSch\u00e4rfung                   \t:Automatik\r\nFarbmodus                   \t:FARBE\r\nFarbeinstellungen           \t:N\/A\r\nFarbs\u00e4tigung                \t:N\/A\r\nFarbs\u00e4ttigung               \t:Normal\r\nTonwertkorrektur            \t:Automatik\r\nBreite (GPS)                \t:N\/A\r\nL\u00e4nge (GPS)                 \t:N\/A\r\nH\u00f6he (GPS)                  \t:N\/A","created_timestamp":"","copyright":"","focal_length":"8","iso":"100","shutter_speed":"0.0333333333333","title":""}},"post":114,"source_url":"https:\/\/www.trimmsalon-chalkidis.de\/wp-content\/uploads\/2012\/07\/Fl\u00f6ckchen-050104.jpg","_links":{"self":[{"href":"https:\/\/www.trimmsalon-chalkidis.de\/index.php?rest_route=\/wp\/v2\/media\/207","targetHints":{"allow":["GET"]}}],"collection":[{"href":"https:\/\/www.trimmsalon-chalkidis.de\/index.php?rest_route=\/wp\/v2\/media"}],"about":[{"href":"https:\/\/www.trimmsalon-chalkidis.de\/index.php?rest_route=\/wp\/v2\/types\/attachment"}],"author":[{"embeddable":true,"href":"https:\/\/www.trimmsalon-chalkidis.de\/index.php?rest_route=\/wp\/v2\/users\/2"}],"replies":[{"embeddable":true,"href":"https:\/\/www.trimmsalon-chalkidis.de\/index.php?rest_route=%2Fwp%2Fv2%2Fcomments&post=207"}],"wp:attached-to":[{"embeddable":true,"post_type":"page","id":114,"href":"https:\/\/www.trimmsalon-chalkidis.de\/index.php?rest_route=\/wp\/v2\/pages\/114"}],"curies":[{"name":"wp","href":"https:\/\/api.w.org\/{rel}","templated":true}]}}